{"id":10928,"date":"2020-02-06T15:01:18","date_gmt":"2020-02-06T14:01:18","guid":{"rendered":"https:\/\/www.medewo.com\/blog\/unternehmensnews\/"},"modified":"2022-03-23T16:44:58","modified_gmt":"2022-03-23T15:44:58","slug":"unternehmensnews","status":"publish","type":"page","link":"https:\/\/www.medewo.com\/blog\/at\/unternehmensnews\/","title":{"rendered":"Unternehmensnews"},"content":{"rendered":"<div class=\"wpb-content-wrapper\"><p>[vc_row el_class=&#8220;first-blog&#8220;][vc_column el_class=&#8220;teaser-post&#8220; css=&#8220;.vc_custom_1576079788725{margin-bottom: 30px !important;}&#8220;]<style type=\"text\/css\" data-type=\"the7_shortcodes-inline-css\">.blog-shortcode.blog-list-shortcode-id-1655d45924ba314f340c4f479d75d392.bottom-overlap-layout-list .post-entry-content {\n  margin-top: -210px;\n  width: 80%;\n}\n.blog-shortcode.blog-list-shortcode-id-1655d45924ba314f340c4f479d75d392.bottom-overlap-layout-list:not(.mode-list) .no-img .post-entry-content {\n  margin-top: 0;\n  width: 100%;\n}\n.blog-shortcode.blog-list-shortcode-id-1655d45924ba314f340c4f479d75d392.bottom-overlap-layout-list.mode-list .no-img .post-entry-content {\n  margin-top: 0;\n}\n.blog-shortcode.blog-list-shortcode-id-1655d45924ba314f340c4f479d75d392 .filter-bg-decoration .filter-categories a.act {\n  color: #fff;\n}\n.blog-shortcode.blog-list-shortcode-id-1655d45924ba314f340c4f479d75d392:not(.mode-masonry) article {\n  margin-top: 50px;\n}\n.blog-shortcode.blog-list-shortcode-id-1655d45924ba314f340c4f479d75d392:not(.mode-masonry) article:first-of-type,\n.blog-shortcode.blog-list-shortcode-id-1655d45924ba314f340c4f479d75d392:not(.mode-masonry) article.visible.first:not(.product) {\n  margin-top: 0;\n}\n.blog-shortcode.blog-list-shortcode-id-1655d45924ba314f340c4f479d75d392.dividers-on:not(.mode-masonry) article {\n  margin-top: 0;\n  padding-top: 50px;\n}\n.blog-shortcode.blog-list-shortcode-id-1655d45924ba314f340c4f479d75d392.dividers-on:not(.mode-masonry) article:first-of-type,\n.blog-shortcode.blog-list-shortcode-id-1655d45924ba314f340c4f479d75d392.dividers-on:not(.mode-masonry) article.visible.first:not(.product) {\n  margin-top: 0;\n  padding-top: 0;\n}\n.blog-shortcode.blog-list-shortcode-id-1655d45924ba314f340c4f479d75d392 .post-thumbnail-wrap {\n  padding: 0px 0px 0px 0px;\n}\n.blog-shortcode.blog-list-shortcode-id-1655d45924ba314f340c4f479d75d392.enable-bg-rollover .post-thumbnail-rollover:after {\n  background: -webkit-linear-gradient();\n  background: linear-gradient();\n}\n.blog-shortcode.blog-list-shortcode-id-1655d45924ba314f340c4f479d75d392 .gallery-zoom-ico {\n  width: 44px;\n  height: 44px;\n  line-height: 44px;\n  border-radius: 100px;\n  margin: -22px 0 0 -22px;\n  border-width: 0px;\n  color: #ffffff;\n}\n.bottom-overlap-layout-list.blog-shortcode.blog-list-shortcode-id-1655d45924ba314f340c4f479d75d392 .gallery-zoom-ico {\n  margin-top: -127px;\n}\n.gradient-overlay-layout-list.blog-shortcode.blog-list-shortcode-id-1655d45924ba314f340c4f479d75d392 .gallery-zoom-ico,\n.content-rollover-layout-list.blog-shortcode.blog-list-shortcode-id-1655d45924ba314f340c4f479d75d392 .gallery-zoom-ico {\n  margin: 0 0 10px;\n}\n.content-align-center.gradient-overlay-layout-list.blog-shortcode.blog-list-shortcode-id-1655d45924ba314f340c4f479d75d392 .gallery-zoom-ico,\n.content-align-center.content-rollover-layout-list.blog-shortcode.blog-list-shortcode-id-1655d45924ba314f340c4f479d75d392 .gallery-zoom-ico {\n  margin: 0 auto 10px;\n}\n.dt-icon-bg-on.blog-shortcode.blog-list-shortcode-id-1655d45924ba314f340c4f479d75d392 .gallery-zoom-ico {\n  background: rgba(255,255,255,0.3);\n  box-shadow: none;\n}\n.blog-shortcode.blog-list-shortcode-id-1655d45924ba314f340c4f479d75d392 .gallery-zoom-ico > span,\n.blog-shortcode.blog-list-shortcode-id-1655d45924ba314f340c4f479d75d392 .gallery-zoom-ico:before {\n  font-size: 32px;\n  line-height: 44px;\n}\n.blog-shortcode.blog-list-shortcode-id-1655d45924ba314f340c4f479d75d392 .gallery-zoom-ico > span,\n.blog-shortcode.blog-list-shortcode-id-1655d45924ba314f340c4f479d75d392 .gallery-zoom-ico:before {\n  color: #ffffff;\n}\n.blog-shortcode.blog-list-shortcode-id-1655d45924ba314f340c4f479d75d392 .fancy-date a {\n  background: #ffffff;\n  box-shadow: none;\n}\n.blog-shortcode.blog-list-shortcode-id-1655d45924ba314f340c4f479d75d392 .fancy-date a * {\n  color: #2d2d2d;\n}\n.blog-shortcode.blog-list-shortcode-id-1655d45924ba314f340c4f479d75d392 .entry-title,\n.blog-shortcode.blog-list-shortcode-id-1655d45924ba314f340c4f479d75d392.owl-carousel .entry-title {\n  margin-bottom: 0px;\n  font-weight: bold;\n}\n.blog-shortcode.blog-list-shortcode-id-1655d45924ba314f340c4f479d75d392 .entry-meta {\n  margin-bottom: 0px;\n}\n.blog-shortcode.blog-list-shortcode-id-1655d45924ba314f340c4f479d75d392 .portfolio-categories {\n  margin-bottom: 0px;\n}\n.blog-shortcode.blog-list-shortcode-id-1655d45924ba314f340c4f479d75d392 .entry-excerpt {\n  margin-bottom: 5px;\n}\n.blog-shortcode.blog-list-shortcode-id-1655d45924ba314f340c4f479d75d392:not(.centered-layout-list) .post-entry-content {\n  padding: 25px 30px 30px 30px;\n}\n.blog-shortcode.blog-list-shortcode-id-1655d45924ba314f340c4f479d75d392:not(.centered-layout-list):not(.content-bg-on):not(.mode-list) .no-img .post-entry-content {\n  padding: 0;\n}\n.blog-shortcode.blog-list-shortcode-id-1655d45924ba314f340c4f479d75d392.content-bg-on:not(.classic-layout-list):not(.centered-layout-list) .post-entry-content {\n  background: rgba(255,255,255,0.7);\n  box-shadow: none;\n}\n@media screen and (max-width: 768px) {\n  .blog-shortcode.blog-list-shortcode-id-1655d45924ba314f340c4f479d75d392 article {\n    -ms-flex-flow: column nowrap;\n    flex-flow: column nowrap;\n    margin-top: 20px;\n  }\n  .blog-shortcode.blog-list-shortcode-id-1655d45924ba314f340c4f479d75d392.dividers-on article {\n    border: none;\n  }\n  .blog-shortcode.blog-list-shortcode-id-1655d45924ba314f340c4f479d75d392.content-bg-on.centered-layout-list article {\n    padding: 0;\n  }\n  .blog-shortcode.blog-list-shortcode-id-1655d45924ba314f340c4f479d75d392.blog-shortcode.dividers-on article,\n  .blog-shortcode.blog-list-shortcode-id-1655d45924ba314f340c4f479d75d392.dividers-on.classic-layout-list article {\n    margin-top: 20px;\n    padding: 0;\n  }\n  .blog-shortcode.blog-list-shortcode-id-1655d45924ba314f340c4f479d75d392.blog-shortcode.dividers-on article:first-of-type,\n  .blog-shortcode.blog-list-shortcode-id-1655d45924ba314f340c4f479d75d392.dividers-on.classic-layout-list article:first-of-type {\n    padding: 0;\n  }\n  #page .blog-shortcode.blog-list-shortcode-id-1655d45924ba314f340c4f479d75d392 .post-thumbnail-wrap,\n  #page .blog-shortcode.blog-list-shortcode-id-1655d45924ba314f340c4f479d75d392 .post-entry-content {\n    width: 100%;\n    margin: 0;\n    top: 0;\n  }\n  #page .blog-shortcode.blog-list-shortcode-id-1655d45924ba314f340c4f479d75d392 .post-thumbnail-wrap {\n    padding: 0;\n  }\n  #page .blog-shortcode.blog-list-shortcode-id-1655d45924ba314f340c4f479d75d392 .post-entry-content:after {\n    display: none;\n  }\n  #page .blog-shortcode.blog-list-shortcode-id-1655d45924ba314f340c4f479d75d392 .project-even .post-thumbnail-wrap,\n  #page .blog-shortcode.blog-list-shortcode-id-1655d45924ba314f340c4f479d75d392.centered-layout-list .post-thumbnail-wrap {\n    -ms-flex-order: 0;\n    order: 0;\n  }\n  #page .blog-shortcode.blog-list-shortcode-id-1655d45924ba314f340c4f479d75d392.centered-layout-list .post-entry-title-content {\n    -ms-flex-order: 1;\n    order: 1;\n    width: 100%;\n    padding: 20px 20px 0;\n  }\n  #page .blog-shortcode.blog-list-shortcode-id-1655d45924ba314f340c4f479d75d392.centered-layout-list .post-entry-content {\n    -ms-flex-order: 2;\n    order: 2;\n    padding-top: 0;\n  }\n  #page .blog-shortcode.blog-list-shortcode-id-1655d45924ba314f340c4f479d75d392 .fancy-categories {\n    top: 10px;\n    left: 10px;\n    bottom: auto;\n    right: auto;\n  }\n  #page .blog-shortcode.blog-list-shortcode-id-1655d45924ba314f340c4f479d75d392 .fancy-date a {\n    top: 10px;\n    right: 10px;\n    left: auto;\n    bottom: auto;\n  }\n  #page .blog-shortcode.blog-list-shortcode-id-1655d45924ba314f340c4f479d75d392 .post-entry-content {\n    padding: 20px;\n  }\n  #page .blog-shortcode.blog-list-shortcode-id-1655d45924ba314f340c4f479d75d392 .entry-title {\n    margin: 3px 0 5px;\n    font-size: 20px;\n    line-height: 26px;\n  }\n  #page .blog-shortcode.blog-list-shortcode-id-1655d45924ba314f340c4f479d75d392 .entry-meta {\n    margin: 5px 0 5px;\n  }\n  #page .blog-shortcode.blog-list-shortcode-id-1655d45924ba314f340c4f479d75d392 .entry-excerpt {\n    margin: 15px 0 0;\n  }\n  #page .blog-shortcode.blog-list-shortcode-id-1655d45924ba314f340c4f479d75d392 .post-details {\n    margin: 5px 0 10px;\n  }\n  #page .blog-shortcode.blog-list-shortcode-id-1655d45924ba314f340c4f479d75d392 .post-details.details-type-link {\n    margin-bottom: 2px;\n  }\n}<\/style><div class=\"articles-list blog-shortcode mode-list blog-list-shortcode-id-1655d45924ba314f340c4f479d75d392 bottom-overlap-layout-list content-bg-on jquery-filter filter-align-left scale-img dt-icon-bg-off loading-effect-fade-in\" data-cur-page=\"1\" data-post-limit=\"-1\" data-pagination-mode=\"none\"><article class=\"post project-odd visible post-32365 type-post status-publish format-standard has-post-thumbnail hentry category-unternehmensnews category-503 description-off\" data-name=\"Fachkr\u00e4ftemangel in der Logistik \u2013 Employer Branding als effektive L\u00f6sung\" data-date=\"2024-04-23T08:13:44+02:00\">\n\n<div class=\"post-thumbnail-wrap\">\n\t<div class=\"post-thumbnail\">\n\n\t\t\n\t\t\n\t\t<a href=\"https:\/\/www.medewo.com\/blog\/at\/unternehmensnews\/fachkraeftemangel-logistik\/\" class=\"post-thumbnail-rollover\" ><img decoding=\"async\" class=\"preload-me aspect\" src=\"https:\/\/www.medewo.com\/blog\/wp-content\/uploads\/2023\/11\/Hauptbild-im-Lager-774x387.jpg\" srcset=\"https:\/\/www.medewo.com\/blog\/wp-content\/uploads\/2023\/11\/Hauptbild-im-Lager-774x387.jpg 774w, https:\/\/www.medewo.com\/blog\/wp-content\/uploads\/2023\/11\/Hauptbild-im-Lager-775x386.jpg 775w\" style=\"--ratio: 774 \/ 387\" sizes=\"(max-width: 774px) 100vw, 774px\" alt=\"Hubwagen, Mitarbeiter im Lager\" title=\"Hauptbild im Lager\" width=\"774\" height=\"387\"  \/><\/a>\n\t<\/div>\n<\/div>\n\n\n<div class=\"post-entry-content\">\n\n\t<h3 class=\"entry-title\">\n\t\t<a href=\"https:\/\/www.medewo.com\/blog\/at\/unternehmensnews\/fachkraeftemangel-logistik\/\" title=\"Fachkr\u00e4ftemangel in der Logistik \u2013 Employer Branding als effektive L\u00f6sung\" rel=\"bookmark\">Fachkr\u00e4ftemangel in der Logistik \u2013 Employer Branding als effektive L\u00f6sung<\/a>\n\t<\/h3>\n\n\t<div class=\"entry-meta\"><span class=\"category-link\"><a href=\"https:\/\/www.medewo.com\/blog\/at\/category\/unternehmensnews\/\">Unternehmensnews<\/a><\/span><\/div>\n\n\t\n\t\n<\/div><\/article><\/div>[\/vc_column][\/vc_row][vc_row][vc_column]<div id=\"ultimate-heading-41369a6fabfa33ca\" class=\"uvc-heading ult-adjust-bottom-margin ultimate-heading-41369a6fabfa33ca uvc-2181  uvc-heading-default-font-sizes\" data-hspacer=\"no_spacer\"  data-halign=\"left\" style=\"text-align:left\"><div class=\"uvc-heading-spacer no_spacer\" style=\"top\"><\/div><div class=\"uvc-main-heading ult-responsive\"  data-ultimate-target='.uvc-heading.ultimate-heading-41369a6fabfa33ca h2'  data-responsive-json-new='{\"font-size\":\"\",\"line-height\":\"\"}' ><h2 style=\"--font-weight:theme;margin-bottom:20px;\">Neuigkeiten im \u00dcberblick<\/h2><\/div><\/div><style type=\"text\/css\" data-type=\"the7_shortcodes-inline-css\">.blog-shortcode.blog-list-shortcode-id-cc8c65274aca7e5285faf140a1503804.dividers-on.classic-layout-list article {\n  margin-top: 20px;\n  padding-top: 0;\n}\n.blog-shortcode.blog-list-shortcode-id-cc8c65274aca7e5285faf140a1503804.dividers-on.classic-layout-list article:first-of-type {\n  margin-top: 0;\n  padding-top: 0;\n}\n.blog-shortcode.blog-list-shortcode-id-cc8c65274aca7e5285faf140a1503804.classic-layout-list.mode-list .post-thumbnail-wrap {\n  width: 50%;\n}\n.blog-shortcode.blog-list-shortcode-id-cc8c65274aca7e5285faf140a1503804.classic-layout-list.mode-list .post-entry-content {\n  width: calc(100% - 50%);\n}\n.blog-shortcode.blog-list-shortcode-id-cc8c65274aca7e5285faf140a1503804.classic-layout-list.mode-list .no-img .post-entry-content {\n  width: 100%;\n}\n.blog-shortcode.blog-list-shortcode-id-cc8c65274aca7e5285faf140a1503804 .paginator {\n  margin-top: 80px;\n}\n.blog-shortcode.blog-list-shortcode-id-cc8c65274aca7e5285faf140a1503804 .filter-bg-decoration .filter-categories a.act {\n  color: #fff;\n}\n.blog-shortcode.blog-list-shortcode-id-cc8c65274aca7e5285faf140a1503804:not(.mode-masonry) article {\n  margin-top: 20px;\n}\n.blog-shortcode.blog-list-shortcode-id-cc8c65274aca7e5285faf140a1503804:not(.mode-masonry) article:first-of-type,\n.blog-shortcode.blog-list-shortcode-id-cc8c65274aca7e5285faf140a1503804:not(.mode-masonry) article.visible.first:not(.product) {\n  margin-top: 0;\n}\n.blog-shortcode.blog-list-shortcode-id-cc8c65274aca7e5285faf140a1503804.dividers-on:not(.mode-masonry) article {\n  margin-top: 0;\n  padding-top: 20px;\n}\n.blog-shortcode.blog-list-shortcode-id-cc8c65274aca7e5285faf140a1503804.dividers-on:not(.mode-masonry) article:first-of-type,\n.blog-shortcode.blog-list-shortcode-id-cc8c65274aca7e5285faf140a1503804.dividers-on:not(.mode-masonry) article.visible.first:not(.product) {\n  margin-top: 0;\n  padding-top: 0;\n}\n.blog-shortcode.blog-list-shortcode-id-cc8c65274aca7e5285faf140a1503804 .post-thumbnail-wrap {\n  padding: 0px 0px 0px 0px;\n}\n.blog-shortcode.blog-list-shortcode-id-cc8c65274aca7e5285faf140a1503804.enable-bg-rollover .post-thumbnail-rollover:after {\n  background: -webkit-linear-gradient();\n  background: linear-gradient();\n}\n.blog-shortcode.blog-list-shortcode-id-cc8c65274aca7e5285faf140a1503804 .gallery-zoom-ico {\n  width: 44px;\n  height: 44px;\n  line-height: 44px;\n  border-radius: 100px;\n  margin: -22px 0 0 -22px;\n  border-width: 0px;\n  color: #ffffff;\n}\n.bottom-overlap-layout-list.blog-shortcode.blog-list-shortcode-id-cc8c65274aca7e5285faf140a1503804 .gallery-zoom-ico {\n  margin-top: -22px;\n}\n.gradient-overlay-layout-list.blog-shortcode.blog-list-shortcode-id-cc8c65274aca7e5285faf140a1503804 .gallery-zoom-ico,\n.content-rollover-layout-list.blog-shortcode.blog-list-shortcode-id-cc8c65274aca7e5285faf140a1503804 .gallery-zoom-ico {\n  margin: 0 0 10px;\n}\n.content-align-center.gradient-overlay-layout-list.blog-shortcode.blog-list-shortcode-id-cc8c65274aca7e5285faf140a1503804 .gallery-zoom-ico,\n.content-align-center.content-rollover-layout-list.blog-shortcode.blog-list-shortcode-id-cc8c65274aca7e5285faf140a1503804 .gallery-zoom-ico {\n  margin: 0 auto 10px;\n}\n.dt-icon-bg-on.blog-shortcode.blog-list-shortcode-id-cc8c65274aca7e5285faf140a1503804 .gallery-zoom-ico {\n  background: rgba(255,255,255,0.3);\n  box-shadow: none;\n}\n.blog-shortcode.blog-list-shortcode-id-cc8c65274aca7e5285faf140a1503804 .gallery-zoom-ico > span,\n.blog-shortcode.blog-list-shortcode-id-cc8c65274aca7e5285faf140a1503804 .gallery-zoom-ico:before {\n  font-size: 32px;\n  line-height: 44px;\n}\n.blog-shortcode.blog-list-shortcode-id-cc8c65274aca7e5285faf140a1503804 .gallery-zoom-ico > span,\n.blog-shortcode.blog-list-shortcode-id-cc8c65274aca7e5285faf140a1503804 .gallery-zoom-ico:before {\n  color: #ffffff;\n}\n.blog-shortcode.blog-list-shortcode-id-cc8c65274aca7e5285faf140a1503804 .fancy-date a {\n  background: #ffffff;\n  box-shadow: none;\n}\n.blog-shortcode.blog-list-shortcode-id-cc8c65274aca7e5285faf140a1503804 .fancy-date a * {\n  color: #2d2d2d;\n}\n.blog-shortcode.blog-list-shortcode-id-cc8c65274aca7e5285faf140a1503804 .entry-title,\n.blog-shortcode.blog-list-shortcode-id-cc8c65274aca7e5285faf140a1503804.owl-carousel .entry-title {\n  margin-bottom: 8px;\n  font-weight: bold;\n}\n.blog-shortcode.blog-list-shortcode-id-cc8c65274aca7e5285faf140a1503804 .entry-meta {\n  margin-bottom: 5px;\n}\n.blog-shortcode.blog-list-shortcode-id-cc8c65274aca7e5285faf140a1503804 .portfolio-categories {\n  margin-bottom: 5px;\n}\n.blog-shortcode.blog-list-shortcode-id-cc8c65274aca7e5285faf140a1503804 .entry-excerpt {\n  margin-bottom: 10px;\n}\n.blog-shortcode.blog-list-shortcode-id-cc8c65274aca7e5285faf140a1503804:not(.centered-layout-list) .post-entry-content {\n  padding: 0px 20px 0px 20px;\n}\n.blog-shortcode.blog-list-shortcode-id-cc8c65274aca7e5285faf140a1503804:not(.centered-layout-list):not(.content-bg-on):not(.mode-list) .no-img .post-entry-content {\n  padding: 0;\n}\n@media screen and (max-width: 768px) {\n  .blog-shortcode.blog-list-shortcode-id-cc8c65274aca7e5285faf140a1503804 article {\n    -ms-flex-flow: column nowrap;\n    flex-flow: column nowrap;\n    margin-top: 20px;\n  }\n  .blog-shortcode.blog-list-shortcode-id-cc8c65274aca7e5285faf140a1503804.dividers-on article {\n    border: none;\n  }\n  .blog-shortcode.blog-list-shortcode-id-cc8c65274aca7e5285faf140a1503804.content-bg-on.centered-layout-list article {\n    padding: 0;\n  }\n  .blog-shortcode.blog-list-shortcode-id-cc8c65274aca7e5285faf140a1503804.blog-shortcode.dividers-on article,\n  .blog-shortcode.blog-list-shortcode-id-cc8c65274aca7e5285faf140a1503804.dividers-on.classic-layout-list article {\n    margin-top: 20px;\n    padding: 0;\n  }\n  .blog-shortcode.blog-list-shortcode-id-cc8c65274aca7e5285faf140a1503804.blog-shortcode.dividers-on article:first-of-type,\n  .blog-shortcode.blog-list-shortcode-id-cc8c65274aca7e5285faf140a1503804.dividers-on.classic-layout-list article:first-of-type {\n    padding: 0;\n  }\n  #page .blog-shortcode.blog-list-shortcode-id-cc8c65274aca7e5285faf140a1503804 .post-thumbnail-wrap,\n  #page .blog-shortcode.blog-list-shortcode-id-cc8c65274aca7e5285faf140a1503804 .post-entry-content {\n    width: 100%;\n    margin: 0;\n    top: 0;\n  }\n  #page .blog-shortcode.blog-list-shortcode-id-cc8c65274aca7e5285faf140a1503804 .post-thumbnail-wrap {\n    padding: 0;\n  }\n  #page .blog-shortcode.blog-list-shortcode-id-cc8c65274aca7e5285faf140a1503804 .post-entry-content:after {\n    display: none;\n  }\n  #page .blog-shortcode.blog-list-shortcode-id-cc8c65274aca7e5285faf140a1503804 .project-even .post-thumbnail-wrap,\n  #page .blog-shortcode.blog-list-shortcode-id-cc8c65274aca7e5285faf140a1503804.centered-layout-list .post-thumbnail-wrap {\n    -ms-flex-order: 0;\n    order: 0;\n  }\n  #page .blog-shortcode.blog-list-shortcode-id-cc8c65274aca7e5285faf140a1503804.centered-layout-list .post-entry-title-content {\n    -ms-flex-order: 1;\n    order: 1;\n    width: 100%;\n    padding: 20px 20px 0;\n  }\n  #page .blog-shortcode.blog-list-shortcode-id-cc8c65274aca7e5285faf140a1503804.centered-layout-list .post-entry-content {\n    -ms-flex-order: 2;\n    order: 2;\n    padding-top: 0;\n  }\n  #page .blog-shortcode.blog-list-shortcode-id-cc8c65274aca7e5285faf140a1503804 .fancy-categories {\n    top: 10px;\n    left: 10px;\n    bottom: auto;\n    right: auto;\n  }\n  #page .blog-shortcode.blog-list-shortcode-id-cc8c65274aca7e5285faf140a1503804 .fancy-date a {\n    top: 10px;\n    right: 10px;\n    left: auto;\n    bottom: auto;\n  }\n  #page .blog-shortcode.blog-list-shortcode-id-cc8c65274aca7e5285faf140a1503804 .post-entry-content {\n    padding: 20px;\n  }\n  #page .blog-shortcode.blog-list-shortcode-id-cc8c65274aca7e5285faf140a1503804 .entry-title {\n    margin: 3px 0 5px;\n    font-size: 20px;\n    line-height: 26px;\n  }\n  #page .blog-shortcode.blog-list-shortcode-id-cc8c65274aca7e5285faf140a1503804 .entry-meta {\n    margin: 5px 0 5px;\n  }\n  #page .blog-shortcode.blog-list-shortcode-id-cc8c65274aca7e5285faf140a1503804 .entry-excerpt {\n    margin: 15px 0 0;\n  }\n  #page .blog-shortcode.blog-list-shortcode-id-cc8c65274aca7e5285faf140a1503804 .post-details {\n    margin: 5px 0 10px;\n  }\n  #page .blog-shortcode.blog-list-shortcode-id-cc8c65274aca7e5285faf140a1503804 .post-details.details-type-link {\n    margin-bottom: 2px;\n  }\n}<\/style><div class=\"articles-list blog-shortcode mode-list blog-list-shortcode-id-cc8c65274aca7e5285faf140a1503804 classic-layout-list scale-img dt-icon-bg-off loading-effect-fade-in\" data-cur-page=\"1\" data-post-limit=\"-1\" data-pagination-mode=\"pages\"><article class=\"post project-odd visible post-19418 type-post status-publish format-standard has-post-thumbnail hentry category-unternehmensnews category-503 description-off\" data-name=\"Mehr Lagerfl\u00e4che und neue B\u00fcros \u2013 MEDEWO investiert in Wachstum\" data-date=\"2021-04-06T09:28:38+02:00\">\n\n<div class=\"post-thumbnail-wrap\">\n\t<div class=\"post-thumbnail\">\n\n\t\t\n\t\t\n\t\t<a href=\"https:\/\/www.medewo.com\/blog\/at\/unternehmensnews\/neubau-meierhofweg\/\" class=\"post-thumbnail-rollover\" ><img decoding=\"async\" class=\"preload-me aspect\" src=\"https:\/\/www.medewo.com\/blog\/wp-content\/uploads\/2021\/04\/hb_neubau-meierhofweg-768x512.jpg\" srcset=\"https:\/\/www.medewo.com\/blog\/wp-content\/uploads\/2021\/04\/hb_neubau-meierhofweg-768x512.jpg 768w, https:\/\/www.medewo.com\/blog\/wp-content\/uploads\/2021\/04\/hb_neubau-meierhofweg-775x516.jpg 775w\" style=\"--ratio: 768 \/ 512\" sizes=\"(max-width: 768px) 100vw, 768px\" alt=\"Das neue MEDEWO-Geb\u00e4ude\" title=\"Das neue MEDEWO-Geb\u00e4ude\" width=\"768\" height=\"512\"  \/><\/a>\n\t<\/div>\n<\/div>\n\n\n<div class=\"post-entry-content\">\n\n\t<h3 class=\"entry-title\">\n\t\t<a href=\"https:\/\/www.medewo.com\/blog\/at\/unternehmensnews\/neubau-meierhofweg\/\" title=\"Mehr Lagerfl\u00e4che und neue B\u00fcros \u2013 MEDEWO investiert in Wachstum\" rel=\"bookmark\">Mehr Lagerfl\u00e4che und neue B\u00fcros \u2013 MEDEWO investiert in Wachstum<\/a>\n\t<\/h3>\n\n\t<div class=\"entry-meta\"><span class=\"category-link\"><a href=\"https:\/\/www.medewo.com\/blog\/at\/category\/unternehmensnews\/\">Unternehmensnews<\/a><\/span><time class=\"entry-date updated\" datetime=\"2021-04-06T09:28:38+02:00\">6. April 2021<\/time><\/div>\n\n\t<div class=\"entry-excerpt\"><p>Mehr Raum zum Arbeiten und f\u00fcr die Lagerung ist dank eines neuen zus\u00e4tzlichen Geb\u00e4udes am Schweizer Standort in Aussicht.<\/p>\n<\/div>\n\t\n<a href=\"https:\/\/www.medewo.com\/blog\/at\/unternehmensnews\/neubau-meierhofweg\/\" class=\"dt-btn-s dt-btn post-details details-type-btn\" aria-label=\"Read more about Mehr Lagerfl\u00e4che und neue B\u00fcros \u2013 MEDEWO investiert in Wachstum\">Weiterlesen<i class=\"dt-icon-the7-arrow-03\" aria-hidden=\"true\"><\/i><\/a>\n\n<\/div><\/article><article class=\"post project-odd visible post-16410 type-post status-publish format-standard has-post-thumbnail hentry category-uncategorized-ch-de category-unkategorisiert category-unternehmensnews tag-ausbildung tag-ausbildung-ch-fr tag-e-commerce-ch-de tag-e-commerce-at tag-e-commerce-ch-fr tag-karriere tag-karriere-ch-fr category-1260 category-1 category-503 description-off\" data-name=\"\u00abAus dem Herzen des Online-Marketings\u00bb \u2013 unsere Auszubildende berichtet\" data-date=\"2019-07-29T00:00:00+02:00\">\n\n<div class=\"post-thumbnail-wrap\">\n\t<div class=\"post-thumbnail\">\n\n\t\t\n\t\t\n\t\t<a href=\"https:\/\/www.medewo.com\/blog\/at\/unternehmensnews\/bericht-auszubildende-online-marketing\/\" class=\"post-thumbnail-rollover\" ><img decoding=\"async\" class=\"preload-me aspect\" src=\"https:\/\/www.medewo.com\/blog\/wp-content\/uploads\/2019\/07\/Arbeitsplatz-Blog-H1.png\" srcset=\"https:\/\/www.medewo.com\/blog\/wp-content\/uploads\/2019\/07\/Arbeitsplatz-Blog-H1.png 690w\" style=\"--ratio: 690 \/ 460\" sizes=\"(max-width: 690px) 100vw, 690px\" alt=\"\" title=\"Arbeitsplatz-Blog-H1\" width=\"690\" height=\"460\"  \/><\/a>\n\t<\/div>\n<\/div>\n\n\n<div class=\"post-entry-content\">\n\n\t<h3 class=\"entry-title\">\n\t\t<a href=\"https:\/\/www.medewo.com\/blog\/at\/unternehmensnews\/bericht-auszubildende-online-marketing\/\" title=\"\u00abAus dem Herzen des Online-Marketings\u00bb \u2013 unsere Auszubildende berichtet\" rel=\"bookmark\">\u00abAus dem Herzen des Online-Marketings\u00bb \u2013 unsere Auszubildende berichtet<\/a>\n\t<\/h3>\n\n\t<div class=\"entry-meta\"><span class=\"category-link\"><a href=\"https:\/\/www.medewo.com\/blog\/ch-de\/category\/uncategorized-ch-de\/\">Uncategorized @ch-de<\/a>, <a href=\"https:\/\/www.medewo.com\/blog\/ch-fr\/categorie\/unkategorisiert\/\">Unkategorisiert<\/a>, <a href=\"https:\/\/www.medewo.com\/blog\/at\/category\/unternehmensnews\/\">Unternehmensnews<\/a><\/span><time class=\"entry-date updated\" datetime=\"2019-07-29T00:00:00+02:00\">29. Juli 2019<\/time><\/div>\n\n\t<div class=\"entry-excerpt\"><p>Die MEDEWO-Lehrlinge durchlaufen verschiedene Abteilungen im Unternehmen \u2013 so auch Selina, die aus der Welt des Online-Marketing berichtet.<\/p>\n<\/div>\n\t\n<a href=\"https:\/\/www.medewo.com\/blog\/at\/unternehmensnews\/bericht-auszubildende-online-marketing\/\" class=\"dt-btn-s dt-btn post-details details-type-btn\" aria-label=\"Read more about \u00abAus dem Herzen des Online-Marketings\u00bb \u2013 unsere Auszubildende berichtet\">Weiterlesen<i class=\"dt-icon-the7-arrow-03\" aria-hidden=\"true\"><\/i><\/a>\n\n<\/div><\/article><article class=\"post project-odd visible post-16407 type-post status-publish format-standard has-post-thumbnail hentry category-unternehmensnews tag-einkaufshilfe-at tag-service tag-verpackungsloesung category-503 description-off\" data-name=\"Unser neuer Web-Shop ist online \u2013 das sind Ihre Vorteile\" data-date=\"2019-05-23T00:00:00+02:00\">\n\n<div class=\"post-thumbnail-wrap\">\n\t<div class=\"post-thumbnail\">\n\n\t\t\n\t\t\n\t\t<a href=\"https:\/\/www.medewo.com\/blog\/at\/unternehmensnews\/vorteile-neuer-medewo-web-shop\/\" class=\"post-thumbnail-rollover\" ><img decoding=\"async\" class=\"preload-me aspect\" src=\"https:\/\/www.medewo.com\/blog\/wp-content\/uploads\/2019\/05\/hb_neuer-shop-de.png\" srcset=\"https:\/\/www.medewo.com\/blog\/wp-content\/uploads\/2019\/05\/hb_neuer-shop-de.png 690w\" style=\"--ratio: 690 \/ 460\" sizes=\"(max-width: 690px) 100vw, 690px\" alt=\"\" title=\"hb_neuer-shop-de\" width=\"690\" height=\"460\"  \/><\/a>\n\t<\/div>\n<\/div>\n\n\n<div class=\"post-entry-content\">\n\n\t<h3 class=\"entry-title\">\n\t\t<a href=\"https:\/\/www.medewo.com\/blog\/at\/unternehmensnews\/vorteile-neuer-medewo-web-shop\/\" title=\"Unser neuer Web-Shop ist online \u2013 das sind Ihre Vorteile\" rel=\"bookmark\">Unser neuer Web-Shop ist online \u2013 das sind Ihre Vorteile<\/a>\n\t<\/h3>\n\n\t<div class=\"entry-meta\"><span class=\"category-link\"><a href=\"https:\/\/www.medewo.com\/blog\/at\/category\/unternehmensnews\/\">Unternehmensnews<\/a><\/span><time class=\"entry-date updated\" datetime=\"2019-05-23T00:00:00+02:00\">23. Mai 2019<\/time><\/div>\n\n\t<div class=\"entry-excerpt\"><p>Der schnellste Weg zu Ihrer perfekten Verpackung \u2013 das ist unser Web-Shop, den wir nun von Grund auf neugestaltet haben.&hellip;<\/p>\n<\/div>\n\t\n<a href=\"https:\/\/www.medewo.com\/blog\/at\/unternehmensnews\/vorteile-neuer-medewo-web-shop\/\" class=\"dt-btn-s dt-btn post-details details-type-btn\" aria-label=\"Read more about Unser neuer Web-Shop ist online \u2013 das sind Ihre Vorteile\">Weiterlesen<i class=\"dt-icon-the7-arrow-03\" aria-hidden=\"true\"><\/i><\/a>\n\n<\/div><\/article><article class=\"post project-odd visible post-16285 type-post status-publish format-standard has-post-thumbnail hentry category-unternehmensnews category-503 description-off\" data-name=\"35 Jahre MEDEWO \u2013 Verpackungsprofi feiert Geburtstag\" data-date=\"2018-09-12T00:00:00+02:00\">\n\n<div class=\"post-thumbnail-wrap\">\n\t<div class=\"post-thumbnail\">\n\n\t\t\n\t\t\n\t\t<a href=\"https:\/\/www.medewo.com\/blog\/at\/unternehmensnews\/35-jahre-medewo-verpackungsprofi-feiert-geburtstag\/\" class=\"post-thumbnail-rollover\" ><img decoding=\"async\" class=\"preload-me aspect\" src=\"https:\/\/www.medewo.com\/blog\/wp-content\/uploads\/2018\/09\/hb-medewo-jubilaeum.png\" srcset=\"https:\/\/www.medewo.com\/blog\/wp-content\/uploads\/2018\/09\/hb-medewo-jubilaeum.png 690w\" style=\"--ratio: 690 \/ 460\" sizes=\"(max-width: 690px) 100vw, 690px\" alt=\"\" title=\"hb-medewo-jubilaeum\" width=\"690\" height=\"460\"  \/><\/a>\n\t<\/div>\n<\/div>\n\n\n<div class=\"post-entry-content\">\n\n\t<h3 class=\"entry-title\">\n\t\t<a href=\"https:\/\/www.medewo.com\/blog\/at\/unternehmensnews\/35-jahre-medewo-verpackungsprofi-feiert-geburtstag\/\" title=\"35 Jahre MEDEWO \u2013 Verpackungsprofi feiert Geburtstag\" rel=\"bookmark\">35 Jahre MEDEWO \u2013 Verpackungsprofi feiert Geburtstag<\/a>\n\t<\/h3>\n\n\t<div class=\"entry-meta\"><span class=\"category-link\"><a href=\"https:\/\/www.medewo.com\/blog\/at\/category\/unternehmensnews\/\">Unternehmensnews<\/a><\/span><time class=\"entry-date updated\" datetime=\"2018-09-12T00:00:00+02:00\">12. September 2018<\/time><\/div>\n\n\t<div class=\"entry-excerpt\"><p>Vom \u00abZweimann-Betrieb\u00bb zum internationalen Unternehmen \u2013 in diesem Jahr feiert MEDEWO ihr 35-j\u00e4hriges Bestehen.<\/p>\n<\/div>\n\t\n<a href=\"https:\/\/www.medewo.com\/blog\/at\/unternehmensnews\/35-jahre-medewo-verpackungsprofi-feiert-geburtstag\/\" class=\"dt-btn-s dt-btn post-details details-type-btn\" aria-label=\"Read more about 35 Jahre MEDEWO \u2013 Verpackungsprofi feiert Geburtstag\">Weiterlesen<i class=\"dt-icon-the7-arrow-03\" aria-hidden=\"true\"><\/i><\/a>\n\n<\/div><\/article><article class=\"post project-odd visible post-16312 type-post status-publish format-standard has-post-thumbnail hentry category-unternehmensnews tag-ausbildung tag-karriere category-503 description-off\" data-name=\"Den Rucksack f\u00fcrs Berufsleben packen \u2013 Ausbildung bei MEDEWO\" data-date=\"2017-10-20T00:00:00+02:00\">\n\n<div class=\"post-thumbnail-wrap\">\n\t<div class=\"post-thumbnail\">\n\n\t\t\n\t\t\n\t\t<a href=\"https:\/\/www.medewo.com\/blog\/at\/unternehmensnews\/den-rucksack-fuers-berufsleben-packen-ausbildung-bei-medewo\/\" class=\"post-thumbnail-rollover\" ><img decoding=\"async\" class=\"preload-me aspect\" src=\"https:\/\/www.medewo.com\/blog\/wp-content\/uploads\/2017\/10\/Hauptbild-Ausbildung.png\" srcset=\"https:\/\/www.medewo.com\/blog\/wp-content\/uploads\/2017\/10\/Hauptbild-Ausbildung.png 690w\" style=\"--ratio: 690 \/ 460\" sizes=\"(max-width: 690px) 100vw, 690px\" alt=\"\" title=\"Hauptbild-Ausbildung\" width=\"690\" height=\"460\"  \/><\/a>\n\t<\/div>\n<\/div>\n\n\n<div class=\"post-entry-content\">\n\n\t<h3 class=\"entry-title\">\n\t\t<a href=\"https:\/\/www.medewo.com\/blog\/at\/unternehmensnews\/den-rucksack-fuers-berufsleben-packen-ausbildung-bei-medewo\/\" title=\"Den Rucksack f\u00fcrs Berufsleben packen \u2013 Ausbildung bei MEDEWO\" rel=\"bookmark\">Den Rucksack f\u00fcrs Berufsleben packen \u2013 Ausbildung bei MEDEWO<\/a>\n\t<\/h3>\n\n\t<div class=\"entry-meta\"><span class=\"category-link\"><a href=\"https:\/\/www.medewo.com\/blog\/at\/category\/unternehmensnews\/\">Unternehmensnews<\/a><\/span><time class=\"entry-date updated\" datetime=\"2017-10-20T00:00:00+02:00\">20. Oktober 2017<\/time><\/div>\n\n\t<div class=\"entry-excerpt\"><p>MEDEWO bildet aus. Verschiedene Lehrlinge erz\u00e4hlen, wie es Ihnen hier gef\u00e4llt.<\/p>\n<\/div>\n\t\n<a href=\"https:\/\/www.medewo.com\/blog\/at\/unternehmensnews\/den-rucksack-fuers-berufsleben-packen-ausbildung-bei-medewo\/\" class=\"dt-btn-s dt-btn post-details details-type-btn\" aria-label=\"Read more about Den Rucksack f\u00fcrs Berufsleben packen \u2013 Ausbildung bei MEDEWO\">Weiterlesen<i class=\"dt-icon-the7-arrow-03\" aria-hidden=\"true\"><\/i><\/a>\n\n<\/div><\/article><article class=\"post project-odd visible post-16356 type-post status-publish format-standard has-post-thumbnail hentry category-unternehmensnews tag-caritas tag-christkindlbriefaktion tag-johanniter tag-spendenaktion tag-weihnachten tag-weihnachten-im-schuhkarton tag-weihnachtstrucker category-503 description-off\" data-name=\"Solidarit\u00e4t weihnachtlich verpackt\" data-date=\"2016-12-19T00:00:00+01:00\">\n\n<div class=\"post-thumbnail-wrap\">\n\t<div class=\"post-thumbnail\">\n\n\t\t\n\t\t\n\t\t<a href=\"https:\/\/www.medewo.com\/blog\/at\/unternehmensnews\/solidaritaet-weihnachtlich-verpackt\/\" class=\"post-thumbnail-rollover\" ><img decoding=\"async\" class=\"preload-me aspect\" src=\"https:\/\/www.medewo.com\/blog\/wp-content\/uploads\/2016\/12\/MEDEWO-Weihnachtsaktionen.png\" srcset=\"https:\/\/www.medewo.com\/blog\/wp-content\/uploads\/2016\/12\/MEDEWO-Weihnachtsaktionen.png 690w\" style=\"--ratio: 690 \/ 460\" sizes=\"(max-width: 690px) 100vw, 690px\" alt=\"\" title=\"medewo-weihnachtsaktionen\" width=\"690\" height=\"460\"  \/><\/a>\n\t<\/div>\n<\/div>\n\n\n<div class=\"post-entry-content\">\n\n\t<h3 class=\"entry-title\">\n\t\t<a href=\"https:\/\/www.medewo.com\/blog\/at\/unternehmensnews\/solidaritaet-weihnachtlich-verpackt\/\" title=\"Solidarit\u00e4t weihnachtlich verpackt\" rel=\"bookmark\">Solidarit\u00e4t weihnachtlich verpackt<\/a>\n\t<\/h3>\n\n\t<div class=\"entry-meta\"><span class=\"category-link\"><a href=\"https:\/\/www.medewo.com\/blog\/at\/category\/unternehmensnews\/\">Unternehmensnews<\/a><\/span><time class=\"entry-date updated\" datetime=\"2016-12-19T00:00:00+01:00\">19. Dezember 2016<\/time><\/div>\n\n\t<div class=\"entry-excerpt\"><p>Bei MEDEWO m\u00f6chten wir zum Ende des Jahres denjenigen helfen, die es nicht so gut haben \u2013 und haben daher&hellip;<\/p>\n<\/div>\n\t\n<a href=\"https:\/\/www.medewo.com\/blog\/at\/unternehmensnews\/solidaritaet-weihnachtlich-verpackt\/\" class=\"dt-btn-s dt-btn post-details details-type-btn\" aria-label=\"Read more about Solidarit\u00e4t weihnachtlich verpackt\">Weiterlesen<i class=\"dt-icon-the7-arrow-03\" aria-hidden=\"true\"><\/i><\/a>\n\n<\/div><\/article><article class=\"post project-odd visible post-16357 type-post status-publish format-standard has-post-thumbnail hentry category-unternehmensnews tag-fsc tag-nachhaltigkeit tag-pefc tag-umweltschutz tag-zertifizierung category-503 description-off\" data-name=\"Der Umwelt zuliebe: MEDEWO ist ein Jahr PEFC-\/FSC\u00ae-zertifiziert\" data-date=\"2016-12-12T00:00:00+01:00\">\n\n<div class=\"post-thumbnail-wrap\">\n\t<div class=\"post-thumbnail\">\n\n\t\t\n\t\t\n\t\t<a href=\"https:\/\/www.medewo.com\/blog\/at\/unternehmensnews\/medewo-ein-jahr-pefc-fsc-zertifiziert\/\" class=\"post-thumbnail-rollover\" ><img decoding=\"async\" class=\"preload-me aspect\" src=\"https:\/\/www.medewo.com\/blog\/wp-content\/uploads\/2016\/12\/Nachhaltigkeit-bei-MEDEWO.png\" srcset=\"https:\/\/www.medewo.com\/blog\/wp-content\/uploads\/2016\/12\/Nachhaltigkeit-bei-MEDEWO.png 690w\" style=\"--ratio: 690 \/ 460\" sizes=\"(max-width: 690px) 100vw, 690px\" alt=\"\" title=\"nachhaltigkeit-bei-medewo\" width=\"690\" height=\"460\"  \/><\/a>\n\t<\/div>\n<\/div>\n\n\n<div class=\"post-entry-content\">\n\n\t<h3 class=\"entry-title\">\n\t\t<a href=\"https:\/\/www.medewo.com\/blog\/at\/unternehmensnews\/medewo-ein-jahr-pefc-fsc-zertifiziert\/\" title=\"Der Umwelt zuliebe: MEDEWO ist ein Jahr PEFC-\/FSC\u00ae-zertifiziert\" rel=\"bookmark\">Der Umwelt zuliebe: MEDEWO ist ein Jahr PEFC-\/FSC\u00ae-zertifiziert<\/a>\n\t<\/h3>\n\n\t<div class=\"entry-meta\"><span class=\"category-link\"><a href=\"https:\/\/www.medewo.com\/blog\/at\/category\/unternehmensnews\/\">Unternehmensnews<\/a><\/span><time class=\"entry-date updated\" datetime=\"2016-12-12T00:00:00+01:00\">12. Dezember 2016<\/time><\/div>\n\n\t<div class=\"entry-excerpt\"><p>Die beiden Labels PEFC\u00a0und FSC\u00ae stehen f\u00fcr nachhaltige Waldbewirtschaftung und eine ressourcenschonende Nutzung des Holzes. Seit einem Jahr tr\u00e4gt MEDEWO&hellip;<\/p>\n<\/div>\n\t\n<a href=\"https:\/\/www.medewo.com\/blog\/at\/unternehmensnews\/medewo-ein-jahr-pefc-fsc-zertifiziert\/\" class=\"dt-btn-s dt-btn post-details details-type-btn\" aria-label=\"Read more about Der Umwelt zuliebe: MEDEWO ist ein Jahr PEFC-\/FSC\u00ae-zertifiziert\">Weiterlesen<i class=\"dt-icon-the7-arrow-03\" aria-hidden=\"true\"><\/i><\/a>\n\n<\/div><\/article><article class=\"post project-odd visible post-16361 type-post status-publish format-standard has-post-thumbnail hentry category-produkte category-unternehmensnews category-447 category-503 description-off\" data-name=\"Effiziente Logistik f\u00fcr zufriedene Kunden\" data-date=\"2016-10-17T00:00:00+02:00\">\n\n<div class=\"post-thumbnail-wrap\">\n\t<div class=\"post-thumbnail\">\n\n\t\t\n\t\t\n\t\t<a href=\"https:\/\/www.medewo.com\/blog\/at\/produkte\/effiziente-logistik-fuer-zufriedene-kunden\/\" class=\"post-thumbnail-rollover\" ><img decoding=\"async\" class=\"preload-me aspect\" src=\"https:\/\/www.medewo.com\/blog\/wp-content\/uploads\/2016\/10\/Titel-Effiziente-Logistik-768x512.png\" srcset=\"https:\/\/www.medewo.com\/blog\/wp-content\/uploads\/2016\/10\/Titel-Effiziente-Logistik-768x512.png 768w, https:\/\/www.medewo.com\/blog\/wp-content\/uploads\/2016\/10\/Titel-Effiziente-Logistik-1306x870.png 1306w\" style=\"--ratio: 768 \/ 512\" sizes=\"(max-width: 768px) 100vw, 768px\" alt=\"\" title=\"titel-effiziente-logistik-medewo\" width=\"768\" height=\"512\"  \/><\/a>\n\t<\/div>\n<\/div>\n\n\n<div class=\"post-entry-content\">\n\n\t<h3 class=\"entry-title\">\n\t\t<a href=\"https:\/\/www.medewo.com\/blog\/at\/produkte\/effiziente-logistik-fuer-zufriedene-kunden\/\" title=\"Effiziente Logistik f\u00fcr zufriedene Kunden\" rel=\"bookmark\">Effiziente Logistik f\u00fcr zufriedene Kunden<\/a>\n\t<\/h3>\n\n\t<div class=\"entry-meta\"><span class=\"category-link\"><a href=\"https:\/\/www.medewo.com\/blog\/at\/category\/produkte\/\">Produkte<\/a>, <a href=\"https:\/\/www.medewo.com\/blog\/at\/category\/unternehmensnews\/\">Unternehmensnews<\/a><\/span><time class=\"entry-date updated\" datetime=\"2016-10-17T00:00:00+02:00\">17. Oktober 2016<\/time><\/div>\n\n\t<div class=\"entry-excerpt\"><p>Eine der Dienstleistungen von MEDEWO: Die bestellte Ware ist in der Regel innerhalb von 24 Stunden beim Kunden. Mit der&hellip;<\/p>\n<\/div>\n\t\n<a href=\"https:\/\/www.medewo.com\/blog\/at\/produkte\/effiziente-logistik-fuer-zufriedene-kunden\/\" class=\"dt-btn-s dt-btn post-details details-type-btn\" aria-label=\"Read more about Effiziente Logistik f\u00fcr zufriedene Kunden\">Weiterlesen<i class=\"dt-icon-the7-arrow-03\" aria-hidden=\"true\"><\/i><\/a>\n\n<\/div><\/article><article class=\"post project-odd visible post-16362 type-post status-publish format-standard has-post-thumbnail hentry category-unternehmensnews category-503 description-off\" data-name=\"Frauenpower bei MEDEWO\" data-date=\"2016-10-04T00:00:00+02:00\">\n\n<div class=\"post-thumbnail-wrap\">\n\t<div class=\"post-thumbnail\">\n\n\t\t\n\t\t\n\t\t<a href=\"https:\/\/www.medewo.com\/blog\/at\/unternehmensnews\/frauenpower-bei-medewo\/\" class=\"post-thumbnail-rollover\" ><img decoding=\"async\" class=\"preload-me aspect\" src=\"https:\/\/www.medewo.com\/blog\/wp-content\/uploads\/2016\/10\/Frauen-F\u00fchrungspositionen-Titel-768x512.png\" srcset=\"https:\/\/www.medewo.com\/blog\/wp-content\/uploads\/2016\/10\/Frauen-F\u00fchrungspositionen-Titel-768x512.png 768w, https:\/\/www.medewo.com\/blog\/wp-content\/uploads\/2016\/10\/Frauen-F\u00fchrungspositionen-Titel-1306x870.png 1306w\" style=\"--ratio: 768 \/ 512\" sizes=\"(max-width: 768px) 100vw, 768px\" alt=\"\" title=\"Frauen Fuehrungspositionen Titel\" width=\"768\" height=\"512\"  \/><\/a>\n\t<\/div>\n<\/div>\n\n\n<div class=\"post-entry-content\">\n\n\t<h3 class=\"entry-title\">\n\t\t<a href=\"https:\/\/www.medewo.com\/blog\/at\/unternehmensnews\/frauenpower-bei-medewo\/\" title=\"Frauenpower bei MEDEWO\" rel=\"bookmark\">Frauenpower bei MEDEWO<\/a>\n\t<\/h3>\n\n\t<div class=\"entry-meta\"><span class=\"category-link\"><a href=\"https:\/\/www.medewo.com\/blog\/at\/category\/unternehmensnews\/\">Unternehmensnews<\/a><\/span><time class=\"entry-date updated\" datetime=\"2016-10-04T00:00:00+02:00\">4. Oktober 2016<\/time><\/div>\n\n\t<div class=\"entry-excerpt\"><p>Eine gro\u00dfe Ehre f\u00fcr MEDEWO: Gabriele Handstanger, Gesch\u00e4ftsf\u00fchrerin der \u00f6sterreichischen Gesellschaft, hat im Juni 2016 den Goldenen Pegasus f\u00fcr Frauen&hellip;<\/p>\n<\/div>\n\t\n<a href=\"https:\/\/www.medewo.com\/blog\/at\/unternehmensnews\/frauenpower-bei-medewo\/\" class=\"dt-btn-s dt-btn post-details details-type-btn\" aria-label=\"Read more about Frauenpower bei MEDEWO\">Weiterlesen<i class=\"dt-icon-the7-arrow-03\" aria-hidden=\"true\"><\/i><\/a>\n\n<\/div><\/article><article class=\"post project-odd visible post-16363 type-post status-publish format-standard has-post-thumbnail hentry category-unternehmensnews category-503 description-off\" data-name=\"25 Jahre MEDEWO \u00d6sterreich \u2013 Deutschland und die Schweiz feiern mit\" data-date=\"2016-06-17T00:00:00+02:00\">\n\n<div class=\"post-thumbnail-wrap\">\n\t<div class=\"post-thumbnail\">\n\n\t\t\n\t\t\n\t\t<a href=\"https:\/\/www.medewo.com\/blog\/at\/unternehmensnews\/25-jahre-medewo-oesterreich-deutschland-und-die-schweiz-feiern-mit\/\" class=\"post-thumbnail-rollover\" ><img decoding=\"async\" class=\"preload-me aspect\" src=\"https:\/\/www.medewo.com\/blog\/wp-content\/uploads\/2016\/06\/DSC_7834_b-768x512.jpg\" srcset=\"https:\/\/www.medewo.com\/blog\/wp-content\/uploads\/2016\/06\/DSC_7834_b-768x512.jpg 768w, https:\/\/www.medewo.com\/blog\/wp-content\/uploads\/2016\/06\/DSC_7834_b-795x530.jpg 795w\" style=\"--ratio: 768 \/ 512\" sizes=\"(max-width: 768px) 100vw, 768px\" alt=\"\" title=\"DSC_7834_b\" width=\"768\" height=\"512\"  \/><\/a>\n\t<\/div>\n<\/div>\n\n\n<div class=\"post-entry-content\">\n\n\t<h3 class=\"entry-title\">\n\t\t<a href=\"https:\/\/www.medewo.com\/blog\/at\/unternehmensnews\/25-jahre-medewo-oesterreich-deutschland-und-die-schweiz-feiern-mit\/\" title=\"25 Jahre MEDEWO \u00d6sterreich \u2013 Deutschland und die Schweiz feiern mit\" rel=\"bookmark\">25 Jahre MEDEWO \u00d6sterreich \u2013 Deutschland und die Schweiz feiern mit<\/a>\n\t<\/h3>\n\n\t<div class=\"entry-meta\"><span class=\"category-link\"><a href=\"https:\/\/www.medewo.com\/blog\/at\/category\/unternehmensnews\/\">Unternehmensnews<\/a><\/span><time class=\"entry-date updated\" datetime=\"2016-06-17T00:00:00+02:00\">17. Juni 2016<\/time><\/div>\n\n\t<div class=\"entry-excerpt\"><p>MEDEWO \u00d6sterreich wird ein viertel Jahrhundert alt. Ein Jubil\u00e4umsfest f\u00fcr alle L\u00e4ndergesellschaften der MEDEWO-Gruppe<\/p>\n<\/div>\n\t\n<a href=\"https:\/\/www.medewo.com\/blog\/at\/unternehmensnews\/25-jahre-medewo-oesterreich-deutschland-und-die-schweiz-feiern-mit\/\" class=\"dt-btn-s dt-btn post-details details-type-btn\" aria-label=\"Read more about 25 Jahre MEDEWO \u00d6sterreich \u2013 Deutschland und die Schweiz feiern mit\">Weiterlesen<i class=\"dt-icon-the7-arrow-03\" aria-hidden=\"true\"><\/i><\/a>\n\n<\/div><\/article><article class=\"post project-odd visible post-16347 type-post status-publish format-standard has-post-thumbnail hentry category-unternehmensnews tag-gabriele-handstanger tag-pegasus category-503 description-off\" data-name=\"Goldener Pegasus f\u00fcr Gabriele Handstanger\" data-date=\"2016-06-10T00:00:00+02:00\">\n\n<div class=\"post-thumbnail-wrap\">\n\t<div class=\"post-thumbnail\">\n\n\t\t\n\t\t\n\t\t<a href=\"https:\/\/www.medewo.com\/blog\/at\/unternehmensnews\/goldener-pegasus-fuer-gabriele-handstanger\/\" class=\"post-thumbnail-rollover\" ><img decoding=\"async\" class=\"preload-me aspect\" src=\"https:\/\/www.medewo.com\/blog\/wp-content\/uploads\/2016\/06\/Medewo_Blog_Gabriele-630x419.jpg\" srcset=\"https:\/\/www.medewo.com\/blog\/wp-content\/uploads\/2016\/06\/Medewo_Blog_Gabriele-630x419.jpg 630w\" style=\"--ratio: 630 \/ 419\" sizes=\"(max-width: 630px) 100vw, 630px\" alt=\"\" title=\"Goldener Pegasus f\u00fcr Gabriele Handstanger\" width=\"630\" height=\"419\"  \/><\/a>\n\t<\/div>\n<\/div>\n\n\n<div class=\"post-entry-content\">\n\n\t<h3 class=\"entry-title\">\n\t\t<a href=\"https:\/\/www.medewo.com\/blog\/at\/unternehmensnews\/goldener-pegasus-fuer-gabriele-handstanger\/\" title=\"Goldener Pegasus f\u00fcr Gabriele Handstanger\" rel=\"bookmark\">Goldener Pegasus f\u00fcr Gabriele Handstanger<\/a>\n\t<\/h3>\n\n\t<div class=\"entry-meta\"><span class=\"category-link\"><a href=\"https:\/\/www.medewo.com\/blog\/at\/category\/unternehmensnews\/\">Unternehmensnews<\/a><\/span><time class=\"entry-date updated\" datetime=\"2016-06-10T00:00:00+02:00\">10. Juni 2016<\/time><\/div>\n\n\t<div class=\"entry-excerpt\"><p>MEDEWO Gesch\u00e4ftsf\u00fchrerin gewinnt den Spezialpreis f\u00fcr Frauen in F\u00fchrungspositionen<\/p>\n<\/div>\n\t\n<a href=\"https:\/\/www.medewo.com\/blog\/at\/unternehmensnews\/goldener-pegasus-fuer-gabriele-handstanger\/\" class=\"dt-btn-s dt-btn post-details details-type-btn\" aria-label=\"Read more about Goldener Pegasus f\u00fcr Gabriele Handstanger\">Weiterlesen<i class=\"dt-icon-the7-arrow-03\" aria-hidden=\"true\"><\/i><\/a>\n\n<\/div><\/article><article class=\"post project-odd visible post-16371 type-post status-publish format-standard has-post-thumbnail hentry category-loesungen category-produkte category-unternehmensnews category-487 category-447 category-503 description-off\" data-name=\"Neuer Web-Shop f\u00fcr Lebensmittelverpackungen\" data-date=\"2015-06-17T00:00:00+02:00\">\n\n<div class=\"post-thumbnail-wrap\">\n\t<div class=\"post-thumbnail\">\n\n\t\t\n\t\t\n\t\t<a href=\"https:\/\/www.medewo.com\/blog\/at\/produkte\/neuer-web-shop-fuer-lebensmittelverpackungen\/\" class=\"post-thumbnail-rollover\" ><img decoding=\"async\" class=\"preload-me aspect\" src=\"https:\/\/www.medewo.com\/blog\/wp-content\/uploads\/2015\/06\/rausch-web-shop-670x446.jpg\" srcset=\"https:\/\/www.medewo.com\/blog\/wp-content\/uploads\/2015\/06\/rausch-web-shop-670x446.jpg 670w\" style=\"--ratio: 670 \/ 446\" sizes=\"(max-width: 670px) 100vw, 670px\" alt=\"\" title=\"rausch-web-shop\" width=\"670\" height=\"446\"  \/><\/a>\n\t<\/div>\n<\/div>\n\n\n<div class=\"post-entry-content\">\n\n\t<h3 class=\"entry-title\">\n\t\t<a href=\"https:\/\/www.medewo.com\/blog\/at\/produkte\/neuer-web-shop-fuer-lebensmittelverpackungen\/\" title=\"Neuer Web-Shop f\u00fcr Lebensmittelverpackungen\" rel=\"bookmark\">Neuer Web-Shop f\u00fcr Lebensmittelverpackungen<\/a>\n\t<\/h3>\n\n\t<div class=\"entry-meta\"><span class=\"category-link\"><a href=\"https:\/\/www.medewo.com\/blog\/at\/category\/loesungen\/\">L&ouml;sungen<\/a>, <a href=\"https:\/\/www.medewo.com\/blog\/at\/category\/produkte\/\">Produkte<\/a>, <a href=\"https:\/\/www.medewo.com\/blog\/at\/category\/unternehmensnews\/\">Unternehmensnews<\/a><\/span><time class=\"entry-date updated\" datetime=\"2015-06-17T00:00:00+02:00\">17. Juni 2015<\/time><\/div>\n\n\t<div class=\"entry-excerpt\"><p>RAUSCH ist eine Marke der MEDEWO-Gruppe und hat jetzt einen neuen Web-Shop, in dem Sie Lebensmittelverpackungen entdecken und individualisieren k\u00f6nnen.<\/p>\n<\/div>\n\t\n<a href=\"https:\/\/www.medewo.com\/blog\/at\/produkte\/neuer-web-shop-fuer-lebensmittelverpackungen\/\" class=\"dt-btn-s dt-btn post-details details-type-btn\" aria-label=\"Read more about Neuer Web-Shop f\u00fcr Lebensmittelverpackungen\">Weiterlesen<i class=\"dt-icon-the7-arrow-03\" aria-hidden=\"true\"><\/i><\/a>\n\n<\/div><\/article><div class=\"paginator\" role=\"navigation\"><span class=\"nav-prev disabled\">\u2192<\/span><a href=\"https:\/\/www.medewo.com\/blog\/at\/wp-json\/wp\/v2\/pages\/10928\/\" class=\"page-numbers act\" data-page-num=\"1\">1<\/a><a href=\"https:\/\/www.medewo.com\/blog\/at\/wp-json\/wp\/v2\/pages\/10928\/page\/2\/\" class=\"page-numbers \" data-page-num=\"2\">2<\/a><a href=\"https:\/\/www.medewo.com\/blog\/at\/wp-json\/wp\/v2\/pages\/10928\/page\/2\/\" class=\"page-numbers nav-next filter-item\" data-page-num=\"2\" >\u2192<\/a><\/div><\/div>[\/vc_column][\/vc_row]<\/p>\n<\/div>","protected":false},"excerpt":{"rendered":"<p>[vc_row el_class=&#8220;first-blog&#8220;][vc_column el_class=&#8220;teaser-post&#8220; css=&#8220;.vc_custom_1576079788725{margin-bottom: 30px !important;}&#8220;][\/vc_column][\/vc_row][vc_row][vc_column][\/vc_column][\/vc_row]<\/p>\n","protected":false},"author":1,"featured_media":0,"parent":0,"menu_order":0,"comment_status":"closed","ping_status":"closed","template":"","meta":{"pgc_sgb_lightbox_settings":"","footnotes":""},"class_list":["post-10928","page","type-page","status-publish","hentry","description-off"],"yoast_head":"<!-- This site is optimized with the Yoast SEO plugin v26.8 - https:\/\/yoast.com\/product\/yoast-seo-wordpress\/ -->\n<title>Unternehmensnews - MEDEWO Verpackungen<\/title>\n<meta name=\"robots\" content=\"index, follow, max-snippet:-1, max-image-preview:large, max-video-preview:-1\" \/>\n<link rel=\"canonical\" href=\"https:\/\/www.medewo.com\/blog\/at\/unternehmensnews\/\" \/>\n<meta property=\"og:locale\" content=\"de_DE\" \/>\n<meta property=\"og:type\" content=\"article\" \/>\n<meta property=\"og:title\" content=\"Unternehmensnews - MEDEWO Verpackungen\" \/>\n<meta property=\"og:description\" content=\"[vc_row el_class=&#8220;first-blog&#8220;][vc_column el_class=&#8220;teaser-post&#8220; css=&#8220;.vc_custom_1576079788725{margin-bottom: 30px !important;}&#8220;][\/vc_column][\/vc_row][vc_row][vc_column][\/vc_column][\/vc_row]\" \/>\n<meta property=\"og:url\" content=\"https:\/\/www.medewo.com\/blog\/at\/unternehmensnews\/\" \/>\n<meta property=\"og:site_name\" content=\"MEDEWO Verpackungen\" \/>\n<meta property=\"article:modified_time\" content=\"2022-03-23T15:44:58+00:00\" \/>\n<meta name=\"twitter:card\" content=\"summary_large_image\" \/>\n<meta name=\"twitter:label1\" content=\"Gesch\u00e4tzte Lesezeit\" \/>\n\t<meta name=\"twitter:data1\" content=\"1 Minute\" \/>\n<script type=\"application\/ld+json\" class=\"yoast-schema-graph\">{\"@context\":\"https:\/\/schema.org\",\"@graph\":[{\"@type\":\"WebPage\",\"@id\":\"https:\/\/www.medewo.com\/blog\/at\/unternehmensnews\/\",\"url\":\"https:\/\/www.medewo.com\/blog\/at\/unternehmensnews\/\",\"name\":\"Unternehmensnews - MEDEWO Verpackungen\",\"isPartOf\":{\"@id\":\"https:\/\/www.medewo.com\/blog\/at\/#website\"},\"datePublished\":\"2020-02-06T14:01:18+00:00\",\"dateModified\":\"2022-03-23T15:44:58+00:00\",\"breadcrumb\":{\"@id\":\"https:\/\/www.medewo.com\/blog\/at\/unternehmensnews\/#breadcrumb\"},\"inLanguage\":\"de-AT\",\"potentialAction\":[{\"@type\":\"ReadAction\",\"target\":[\"https:\/\/www.medewo.com\/blog\/at\/unternehmensnews\/\"]}]},{\"@type\":\"BreadcrumbList\",\"@id\":\"https:\/\/www.medewo.com\/blog\/at\/unternehmensnews\/#breadcrumb\",\"itemListElement\":[{\"@type\":\"ListItem\",\"position\":1,\"name\":\"Startseite\",\"item\":\"https:\/\/www.medewo.com\/blog\/at\/\"},{\"@type\":\"ListItem\",\"position\":2,\"name\":\"Unternehmensnews\"}]},{\"@type\":\"WebSite\",\"@id\":\"https:\/\/www.medewo.com\/blog\/at\/#website\",\"url\":\"https:\/\/www.medewo.com\/blog\/at\/\",\"name\":\"MEDEWO Verpackungen\",\"description\":\"News\",\"publisher\":{\"@id\":\"https:\/\/www.medewo.com\/blog\/at\/#organization\"},\"potentialAction\":[{\"@type\":\"SearchAction\",\"target\":{\"@type\":\"EntryPoint\",\"urlTemplate\":\"https:\/\/www.medewo.com\/blog\/at\/?s={search_term_string}\"},\"query-input\":{\"@type\":\"PropertyValueSpecification\",\"valueRequired\":true,\"valueName\":\"search_term_string\"}}],\"inLanguage\":\"de-AT\"},{\"@type\":\"Organization\",\"@id\":\"https:\/\/www.medewo.com\/blog\/at\/#organization\",\"name\":\"MEDEWO\",\"url\":\"https:\/\/www.medewo.com\/blog\/at\/\",\"logo\":{\"@type\":\"ImageObject\",\"inLanguage\":\"de-AT\",\"@id\":\"https:\/\/www.medewo.com\/blog\/at\/#\/schema\/logo\/image\/\",\"url\":\"https:\/\/www.medewo.com\/blog\/wp-content\/uploads\/2022\/03\/medewo-logo-claim-quer-2.png\",\"contentUrl\":\"https:\/\/www.medewo.com\/blog\/wp-content\/uploads\/2022\/03\/medewo-logo-claim-quer-2.png\",\"width\":350,\"height\":63,\"caption\":\"MEDEWO\"},\"image\":{\"@id\":\"https:\/\/www.medewo.com\/blog\/at\/#\/schema\/logo\/image\/\"}}]}<\/script>\n<!-- \/ Yoast SEO plugin. -->","yoast_head_json":{"title":"Unternehmensnews - MEDEWO Verpackungen","robots":{"index":"index","follow":"follow","max-snippet":"max-snippet:-1","max-image-preview":"max-image-preview:large","max-video-preview":"max-video-preview:-1"},"canonical":"https:\/\/www.medewo.com\/blog\/at\/unternehmensnews\/","og_locale":"de_DE","og_type":"article","og_title":"Unternehmensnews - MEDEWO Verpackungen","og_description":"[vc_row el_class=&#8220;first-blog&#8220;][vc_column el_class=&#8220;teaser-post&#8220; css=&#8220;.vc_custom_1576079788725{margin-bottom: 30px !important;}&#8220;][\/vc_column][\/vc_row][vc_row][vc_column][\/vc_column][\/vc_row]","og_url":"https:\/\/www.medewo.com\/blog\/at\/unternehmensnews\/","og_site_name":"MEDEWO Verpackungen","article_modified_time":"2022-03-23T15:44:58+00:00","twitter_card":"summary_large_image","twitter_misc":{"Gesch\u00e4tzte Lesezeit":"1 Minute"},"schema":{"@context":"https:\/\/schema.org","@graph":[{"@type":"WebPage","@id":"https:\/\/www.medewo.com\/blog\/at\/unternehmensnews\/","url":"https:\/\/www.medewo.com\/blog\/at\/unternehmensnews\/","name":"Unternehmensnews - MEDEWO Verpackungen","isPartOf":{"@id":"https:\/\/www.medewo.com\/blog\/at\/#website"},"datePublished":"2020-02-06T14:01:18+00:00","dateModified":"2022-03-23T15:44:58+00:00","breadcrumb":{"@id":"https:\/\/www.medewo.com\/blog\/at\/unternehmensnews\/#breadcrumb"},"inLanguage":"de-AT","potentialAction":[{"@type":"ReadAction","target":["https:\/\/www.medewo.com\/blog\/at\/unternehmensnews\/"]}]},{"@type":"BreadcrumbList","@id":"https:\/\/www.medewo.com\/blog\/at\/unternehmensnews\/#breadcrumb","itemListElement":[{"@type":"ListItem","position":1,"name":"Startseite","item":"https:\/\/www.medewo.com\/blog\/at\/"},{"@type":"ListItem","position":2,"name":"Unternehmensnews"}]},{"@type":"WebSite","@id":"https:\/\/www.medewo.com\/blog\/at\/#website","url":"https:\/\/www.medewo.com\/blog\/at\/","name":"MEDEWO Verpackungen","description":"News","publisher":{"@id":"https:\/\/www.medewo.com\/blog\/at\/#organization"},"potentialAction":[{"@type":"SearchAction","target":{"@type":"EntryPoint","urlTemplate":"https:\/\/www.medewo.com\/blog\/at\/?s={search_term_string}"},"query-input":{"@type":"PropertyValueSpecification","valueRequired":true,"valueName":"search_term_string"}}],"inLanguage":"de-AT"},{"@type":"Organization","@id":"https:\/\/www.medewo.com\/blog\/at\/#organization","name":"MEDEWO","url":"https:\/\/www.medewo.com\/blog\/at\/","logo":{"@type":"ImageObject","inLanguage":"de-AT","@id":"https:\/\/www.medewo.com\/blog\/at\/#\/schema\/logo\/image\/","url":"https:\/\/www.medewo.com\/blog\/wp-content\/uploads\/2022\/03\/medewo-logo-claim-quer-2.png","contentUrl":"https:\/\/www.medewo.com\/blog\/wp-content\/uploads\/2022\/03\/medewo-logo-claim-quer-2.png","width":350,"height":63,"caption":"MEDEWO"},"image":{"@id":"https:\/\/www.medewo.com\/blog\/at\/#\/schema\/logo\/image\/"}}]}},"_links":{"self":[{"href":"https:\/\/www.medewo.com\/blog\/at\/wp-json\/wp\/v2\/pages\/10928","targetHints":{"allow":["GET"]}}],"collection":[{"href":"https:\/\/www.medewo.com\/blog\/at\/wp-json\/wp\/v2\/pages"}],"about":[{"href":"https:\/\/www.medewo.com\/blog\/at\/wp-json\/wp\/v2\/types\/page"}],"author":[{"embeddable":true,"href":"https:\/\/www.medewo.com\/blog\/at\/wp-json\/wp\/v2\/users\/1"}],"replies":[{"embeddable":true,"href":"https:\/\/www.medewo.com\/blog\/at\/wp-json\/wp\/v2\/comments?post=10928"}],"version-history":[{"count":4,"href":"https:\/\/www.medewo.com\/blog\/at\/wp-json\/wp\/v2\/pages\/10928\/revisions"}],"predecessor-version":[{"id":21029,"href":"https:\/\/www.medewo.com\/blog\/at\/wp-json\/wp\/v2\/pages\/10928\/revisions\/21029"}],"wp:attachment":[{"href":"https:\/\/www.medewo.com\/blog\/at\/wp-json\/wp\/v2\/media?parent=10928"}],"curies":[{"name":"wp","href":"https:\/\/api.w.org\/{rel}","templated":true}]}}