{"version":"1.0","provider_name":"MEDEWO Verpackungen","provider_url":"https:\/\/www.medewo.com\/blog\/at\/","title":"Fachkr\u00e4ftemangel in der Logistik \u2013 Employer Branding als effektive L\u00f6sung - MEDEWO Verpackungen","type":"rich","width":600,"height":338,"html":"<blockquote class=\"wp-embedded-content\" data-secret=\"I1n7xaJvBN\"><a href=\"https:\/\/www.medewo.com\/blog\/at\/unternehmensnews\/fachkraeftemangel-logistik\/\">Fachkr\u00e4ftemangel in der Logistik \u2013 Employer Branding als effektive L\u00f6sung<\/a><\/blockquote><iframe sandbox=\"allow-scripts\" security=\"restricted\" src=\"https:\/\/www.medewo.com\/blog\/at\/unternehmensnews\/fachkraeftemangel-logistik\/embed\/#?secret=I1n7xaJvBN\" width=\"600\" height=\"338\" title=\"&#8222;Fachkr\u00e4ftemangel in der Logistik \u2013 Employer Branding als effektive L\u00f6sung&#8220; &#8212; MEDEWO Verpackungen\" data-secret=\"I1n7xaJvBN\" frameborder=\"0\" marginwidth=\"0\" marginheight=\"0\" scrolling=\"no\" class=\"wp-embedded-content\"><\/iframe><script>\n\/*! This file is auto-generated *\/\n!function(d,l){\"use strict\";l.querySelector&&d.addEventListener&&\"undefined\"!=typeof URL&&(d.wp=d.wp||{},d.wp.receiveEmbedMessage||(d.wp.receiveEmbedMessage=function(e){var t=e.data;if((t||t.secret||t.message||t.value)&&!\/[^a-zA-Z0-9]\/.test(t.secret)){for(var s,r,n,a=l.querySelectorAll('iframe[data-secret=\"'+t.secret+'\"]'),o=l.querySelectorAll('blockquote[data-secret=\"'+t.secret+'\"]'),c=new RegExp(\"^https?:$\",\"i\"),i=0;i<o.length;i++)o[i].style.display=\"none\";for(i=0;i<a.length;i++)s=a[i],e.source===s.contentWindow&&(s.removeAttribute(\"style\"),\"height\"===t.message?(1e3<(r=parseInt(t.value,10))?r=1e3:~~r<200&&(r=200),s.height=r):\"link\"===t.message&&(r=new URL(s.getAttribute(\"src\")),n=new URL(t.value),c.test(n.protocol))&&n.host===r.host&&l.activeElement===s&&(d.top.location.href=t.value))}},d.addEventListener(\"message\",d.wp.receiveEmbedMessage,!1),l.addEventListener(\"DOMContentLoaded\",function(){for(var e,t,s=l.querySelectorAll(\"iframe.wp-embedded-content\"),r=0;r<s.length;r++)(t=(e=s[r]).getAttribute(\"data-secret\"))||(t=Math.random().toString(36).substring(2,12),e.src+=\"#?secret=\"+t,e.setAttribute(\"data-secret\",t)),e.contentWindow.postMessage({message:\"ready\",secret:t},\"*\")},!1)))}(window,document);\n\/\/# sourceURL=https:\/\/www.medewo.com\/blog\/wp-includes\/js\/wp-embed.min.js\n<\/script>\n","thumbnail_url":"https:\/\/www.medewo.com\/blog\/wp-content\/uploads\/2023\/11\/Hauptbild-im-Lager.jpg","thumbnail_width":775,"thumbnail_height":519,"description":"Der Fachkr\u00e4ftemangel im \u00d6sterreichischen Arbeitsmarkt wird immer sp\u00fcrbarer, auch im Wirtschaftsbereich Logistik. Daher m\u00fcssen neue L\u00f6sungen her! In diesem Interview berichtet unser Teamleiter Logistik CH dar\u00fcber, was wir bei der MEDEWO als mittelst\u00e4ndisches Unternehmen gegen den Fachkr\u00e4ftemangel unternehmen, wie wir unsere Mitarbeiter bei der Ausbildung f\u00f6rdern und was wir f\u00fcr unsere Lernenden tun."}